{"id":326,"date":"2022-11-08T10:47:39","date_gmt":"2022-11-08T09:47:39","guid":{"rendered":"https:\/\/sdeoux.com\/?page_id=326"},"modified":"2023-07-03T10:28:09","modified_gmt":"2023-07-03T08:28:09","slug":"conferences","status":"publish","type":"page","link":"https:\/\/sdeoux.com\/index.php\/conferences\/","title":{"rendered":"CONFERENCES"},"content":{"rendered":"\n[et_pb_section fb_built=\u00a0\u00bb1&Prime; _builder_version=\u00a0\u00bb4.18.0&Prime; _module_preset=\u00a0\u00bbdefault\u00a0\u00bb background_color=\u00a0\u00bb#efefda\u00a0\u00bb background_enable_image=\u00a0\u00bboff\u00a0\u00bb background_size=\u00a0\u00bbcontain\u00a0\u00bb locked=\u00a0\u00bboff\u00a0\u00bb global_colors_info=\u00a0\u00bb{}\u00a0\u00bb][et_pb_row _builder_version=\u00a0\u00bb4.18.0&Prime; _module_preset=\u00a0\u00bbdefault\u00a0\u00bb global_colors_info=\u00a0\u00bb{}\u00a0\u00bb][et_pb_column type=\u00a0\u00bb4_4&Prime; _builder_version=\u00a0\u00bb4.18.0&Prime; _module_preset=\u00a0\u00bbdefault\u00a0\u00bb global_colors_info=\u00a0\u00bb{}\u00a0\u00bb][et_pb_text _builder_version=\u00a0\u00bb4.18.0&Prime; _module_preset=\u00a0\u00bbdefault\u00a0\u00bb min_height=\u00a0\u00bb28px\u00a0\u00bb global_colors_info=\u00a0\u00bb{}\u00a0\u00bb]<p style=\"text-align: center;\"><span style=\"font-size: x-large;\"><b>CONFERENCES<\/b><\/span><\/p>[\/et_pb_text][\/et_pb_column][\/et_pb_row][\/et_pb_section][et_pb_section fb_built=\u00a0\u00bb1&Prime; _builder_version=\u00a0\u00bb4.18.0&Prime; _module_preset=\u00a0\u00bbdefault\u00a0\u00bb locked=\u00a0\u00bboff\u00a0\u00bb global_colors_info=\u00a0\u00bb{}\u00a0\u00bb][et_pb_row column_structure=\u00a0\u00bb1_2,1_2&Prime; _builder_version=\u00a0\u00bb4.18.0&Prime; _module_preset=\u00a0\u00bbdefault\u00a0\u00bb global_colors_info=\u00a0\u00bb{}\u00a0\u00bb][et_pb_column type=\u00a0\u00bb1_2&Prime; _builder_version=\u00a0\u00bb4.18.0&Prime; _module_preset=\u00a0\u00bbdefault\u00a0\u00bb global_colors_info=\u00a0\u00bb{}\u00a0\u00bb][et_pb_image src=\u00a0\u00bbhttps:\/\/sdeoux.com\/wp-content\/uploads\/2023\/02\/1-Media-Titre-photo-.png\u00a0\u00bb title_text=\u00a0\u00bbCAUE 14&Prime; _builder_version=\u00a0\u00bb4.18.0&Prime; _module_preset=\u00a0\u00bbdefault\u00a0\u00bb hover_enabled=\u00a0\u00bb0&Prime; global_colors_info=\u00a0\u00bb{}\u00a0\u00bb alt=\u00a0\u00bbCAUE 14&Prime; align=\u00a0\u00bbcenter\u00a0\u00bb sticky_enabled=\u00a0\u00bb0&Prime; custom_margin=\u00a0\u00bb153px||231px|||\u00a0\u00bb][\/et_pb_image][et_pb_text _builder_version=\u00a0\u00bb4.18.0&Prime; _module_preset=\u00a0\u00bbdefault\u00a0\u00bb hover_enabled=\u00a0\u00bb0&Prime; global_colors_info=\u00a0\u00bb{}\u00a0\u00bb sticky_enabled=\u00a0\u00bb0&Prime;]<p style=\"font-weight: 400; text-align: center;\">Caen, le 10 novembre 2022<\/p>\n<p style=\"font-weight: 400; text-align: center;\"><strong><span style=\"color: #339966;\">Colloque CAUE 14<\/span><\/strong><\/p>\n<p style=\"font-weight: 400; text-align: center;\">Invit\u00e9e d\u2019honneur, le Dr Suzanne D\u00e9oux a jou\u00e9 un r\u00f4le structurant de cette int\u00e9ressante journ\u00e9e o\u00f9 l\u2019humain et sa sant\u00e9 a \u00e9t\u00e9 replac\u00e9 au centre de la pens\u00e9e environnementale. Selon Fabien Tessier, Directeur du CAUE du Calvados, <em>\u00ab\u00a0sa forte conviction et ses connaissances rendues accessibles avec force et souci de p\u00e9dagogie, intelligence, nuances, son expertise et sa bonne humeur ont \u00e9t\u00e9 tr\u00e8s appr\u00e9ci\u00e9s tout au long de cette journ\u00e9e\u00a0\u00bb.<span>\u00a0<\/span><\/em><\/p>\n<p style=\"font-weight: 400; text-align: center;\"><a href=\"https:\/\/sdeoux.com\/wp-content\/uploads\/2023\/02\/2-programme-1011.pdf\">Telecharger le programme<\/a><\/p>[\/et_pb_text][\/et_pb_column][et_pb_column type=\u00a0\u00bb1_2&Prime; _builder_version=\u00a0\u00bb4.18.0&Prime; _module_preset=\u00a0\u00bbdefault\u00a0\u00bb global_colors_info=\u00a0\u00bb{}\u00a0\u00bb][et_pb_image src=\u00a0\u00bbhttps:\/\/sdeoux.com\/wp-content\/uploads\/2023\/02\/1-MEDIA-Titre-4.png\u00a0\u00bb title_text=\u00a0\u00bbSFSE\u00a0\u00bb _builder_version=\u00a0\u00bb4.18.0&Prime; _module_preset=\u00a0\u00bbdefault\u00a0\u00bb hover_enabled=\u00a0\u00bb0&Prime; global_colors_info=\u00a0\u00bb{}\u00a0\u00bb alt=\u00a0\u00bbSFSE\u00a0\u00bb align=\u00a0\u00bbcenter\u00a0\u00bb sticky_enabled=\u00a0\u00bb0&Prime;][\/et_pb_image][et_pb_text _builder_version=\u00a0\u00bb4.18.0&Prime; _module_preset=\u00a0\u00bbdefault\u00a0\u00bb hover_enabled=\u00a0\u00bb0&Prime; global_colors_info=\u00a0\u00bb{}\u00a0\u00bb sticky_enabled=\u00a0\u00bb0&Prime;]<p style=\"font-weight: 400; text-align: center;\">Valence, le 24 novembre 2022<\/p>\n<p style=\"font-weight: 400; text-align: center;\"><span style=\"color: #339966;\"><strong>Colloque Soci\u00e9t\u00e9 fran\u00e7aise sant\u00e9 environnement<\/strong><\/span><\/p>\n<p style=\"font-weight: 400; text-align: center;\">Poster de pr\u00e9sentation de l\u2019\u00e9tude CRECH-PEfree\u00a0r\u00e9alis\u00e9e dans les cr\u00e8ches \u00e0 Toulouse<\/p>\n<p style=\"font-weight: 400; text-align: center;\">\u00ab\u00a0Limitation des COSV perturbateurs endocriniens dans l\u2019air et les poussi\u00e8res des cr\u00e8ches\u00a0\u00bb.<\/p>\n<p style=\"font-weight: 400; text-align: center;\"><a href=\"https:\/\/sdeoux.com\/wp-content\/uploads\/2023\/02\/2-POSTER-CRECH-PEfree.pdf\">T\u00e9l\u00e9charger le Poster<\/a><\/p>\n<p style=\"font-weight: 400; text-align: center;\"><span style=\"color: #0000ff;\"><\/span><\/p>[\/et_pb_text][\/et_pb_column][\/et_pb_row][\/et_pb_section][et_pb_section fb_built=\u00a0\u00bb1&Prime; _builder_version=\u00a0\u00bb4.18.0&Prime; _module_preset=\u00a0\u00bbdefault\u00a0\u00bb locked=\u00a0\u00bboff\u00a0\u00bb global_colors_info=\u00a0\u00bb{}\u00a0\u00bb][et_pb_row column_structure=\u00a0\u00bb1_3,1_3,1_3&Prime; _builder_version=\u00a0\u00bb4.18.0&Prime; _module_preset=\u00a0\u00bbdefault\u00a0\u00bb global_colors_info=\u00a0\u00bb{}\u00a0\u00bb][et_pb_column type=\u00a0\u00bb1_3&Prime; _builder_version=\u00a0\u00bb4.18.0&Prime; _module_preset=\u00a0\u00bbdefault\u00a0\u00bb global_colors_info=\u00a0\u00bb{}\u00a0\u00bb][et_pb_image src=\u00a0\u00bbhttps:\/\/sdeoux.com\/wp-content\/uploads\/2023\/01\/Media-Titre-1.png\u00a0\u00bb title_text=\u00a0\u00bbMedia Titre\u00a0\u00bb _builder_version=\u00a0\u00bb4.18.0&Prime; _module_preset=\u00a0\u00bbdefault\u00a0\u00bb global_colors_info=\u00a0\u00bb{}\u00a0\u00bb][\/et_pb_image][et_pb_text _builder_version=\u00a0\u00bb4.18.0&Prime; _module_preset=\u00a0\u00bbdefault\u00a0\u00bb global_colors_info=\u00a0\u00bb{}\u00a0\u00bb]<p style=\"font-weight: 400; text-align: center;\"><strong><span style=\"color: #339966;\">BRASS\u2019AIR<\/span><\/strong><\/p>\n<p style=\"font-weight: 400; text-align: center;\">Conna\u00eetre l\u2019Impact des brasseurs d\u2019air<br \/>sur les teneurs en particules<br \/>dans l\u2019air des salles de classe \u00e0 l\u2019\u00eele de la R\u00e9union<\/p>\n<p style=\"font-weight: 400; text-align: center;\"><a href=\"https:\/\/sdeoux.com\/wp-content\/uploads\/2023\/01\/Presentation-Batifrais-S.-DEOUX-1.pdf\">Telecharger la pr\u00e9sentation<\/a><\/p>[\/et_pb_text][\/et_pb_column][et_pb_column type=\u00a0\u00bb1_3&Prime; _builder_version=\u00a0\u00bb4.18.0&Prime; _module_preset=\u00a0\u00bbdefault\u00a0\u00bb global_colors_info=\u00a0\u00bb{}\u00a0\u00bb][et_pb_image src=\u00a0\u00bbhttps:\/\/sdeoux.com\/wp-content\/uploads\/2023\/01\/Media-Titre-2.png\u00a0\u00bb title_text=\u00a0\u00bbMedia Titre\u00a0\u00bb _builder_version=\u00a0\u00bb4.18.0&Prime; _module_preset=\u00a0\u00bbdefault\u00a0\u00bb global_colors_info=\u00a0\u00bb{}\u00a0\u00bb][\/et_pb_image][et_pb_text _builder_version=\u00a0\u00bb4.18.0&Prime; _module_preset=\u00a0\u00bbdefault\u00a0\u00bb global_colors_info=\u00a0\u00bb{}\u00a0\u00bb]<p style=\"font-weight: 400; text-align: center;\"><strong><span style=\"color: #339966;\">Webinaire VAD<\/span><\/strong><\/p>\n<p style=\"font-weight: 400; text-align: center;\">Pour conna\u00eetre les sp\u00e9cificit\u00e9s des diff\u00e9rentes fr\u00e9quences, leurs impacts sanitaires et appr\u00e9hender les solutions dans les projets de construction.<\/p>\n<p style=\"font-weight: 400; text-align: center;\"><span style=\"color: #0000ff;\"><a href=\"https:\/\/sdeoux.com\/wp-content\/uploads\/2023\/01\/2022-09-20-CEM-Deoux-VAD.pdf\" style=\"color: #0000ff;\">Telecharger la presentation<\/a><\/span><\/p>[\/et_pb_text][\/et_pb_column][et_pb_column type=\u00a0\u00bb1_3&Prime; _builder_version=\u00a0\u00bb4.18.0&Prime; _module_preset=\u00a0\u00bbdefault\u00a0\u00bb global_colors_info=\u00a0\u00bb{}\u00a0\u00bb][et_pb_image src=\u00a0\u00bbhttps:\/\/sdeoux.com\/wp-content\/uploads\/2023\/01\/Media-Titre-4.png\u00a0\u00bb title_text=\u00a0\u00bbMedia Titre\u00a0\u00bb _builder_version=\u00a0\u00bb4.18.0&Prime; _module_preset=\u00a0\u00bbdefault\u00a0\u00bb global_colors_info=\u00a0\u00bb{}\u00a0\u00bb][\/et_pb_image][et_pb_text _builder_version=\u00a0\u00bb4.18.0&Prime; _module_preset=\u00a0\u00bbdefault\u00a0\u00bb global_colors_info=\u00a0\u00bb{}\u00a0\u00bb]<p style=\"font-weight: 400; text-align: center;\"><strong><span style=\"color: #008000;\">Webinaire CNFPT<\/span><\/strong><\/p>\n<p style=\"font-weight: 400; text-align: center;\">Quelles sont les principales familles de ces polluants \u00e9mergents du 21<sup>e<\/sup> si\u00e8cle pr\u00e9sents dans les b\u00e2timents ? Quelles en sont les principales sources d&rsquo;\u00e9mission ?<span>\u00a0 <\/span>Quelles alternatives ?<\/p>\n<p style=\"font-weight: 400; text-align: center;\"><a href=\"https:\/\/sdeoux.com\/wp-content\/uploads\/2023\/01\/Presentation-Batifrais-S.-DEOUX-1.pdf\">Telecharger la presentation<\/a><\/p>[\/et_pb_text][\/et_pb_column][\/et_pb_row][\/et_pb_section]\n","protected":false},"excerpt":{"rendered":"<p>CONFERENCESCaen, le 10 novembre 2022 Colloque CAUE 14 Invit\u00e9e d\u2019honneur, le Dr Suzanne D\u00e9oux a jou\u00e9 un r\u00f4le structurant de cette int\u00e9ressante journ\u00e9e o\u00f9 l\u2019humain et sa sant\u00e9 a \u00e9t\u00e9 replac\u00e9 au centre de la pens\u00e9e environnementale. Selon Fabien Tessier, Directeur du CAUE du Calvados, \u00ab\u00a0sa forte conviction et ses connaissances rendues accessibles avec force [&hellip;]<\/p>\n","protected":false},"author":1,"featured_media":0,"parent":0,"menu_order":0,"comment_status":"closed","ping_status":"closed","template":"","meta":{"_et_pb_use_builder":"on","_et_pb_old_content":"","_et_gb_content_width":"","footnotes":""},"class_list":["post-326","page","type-page","status-publish","hentry"],"yoast_head":"<!-- This site is optimized with the Yoast SEO plugin v27.5 - https:\/\/yoast.com\/product\/yoast-seo-wordpress\/ -->\n<title>CONFERENCES - Suzanne D\u00e9oux<\/title>\n<meta name=\"description\" content=\"Suzanne Deoux : Conf\u00e9rences sur la sant\u00e9 dans le b\u00e2timent\" \/>\n<meta name=\"robots\" content=\"index, follow, max-snippet:-1, max-image-preview:large, max-video-preview:-1\" \/>\n<link rel=\"canonical\" href=\"https:\/\/sdeoux.com\/index.php\/conferences\/\" \/>\n<meta property=\"og:locale\" content=\"fr_FR\" \/>\n<meta property=\"og:type\" content=\"article\" \/>\n<meta property=\"og:title\" content=\"CONFERENCES - Suzanne D\u00e9oux\" \/>\n<meta property=\"og:description\" content=\"Suzanne Deoux : Conf\u00e9rences sur la sant\u00e9 dans le b\u00e2timent\" \/>\n<meta property=\"og:url\" content=\"https:\/\/sdeoux.com\/index.php\/conferences\/\" \/>\n<meta property=\"og:site_name\" content=\"Suzanne D\u00e9oux\" \/>\n<meta property=\"article:modified_time\" content=\"2023-07-03T08:28:09+00:00\" \/>\n<meta name=\"twitter:card\" content=\"summary_large_image\" \/>\n<meta name=\"twitter:label1\" content=\"Dur\u00e9e de lecture estim\u00e9e\" \/>\n\t<meta name=\"twitter:data1\" content=\"2 minutes\" \/>\n<script type=\"application\/ld+json\" class=\"yoast-schema-graph\">{\"@context\":\"https:\\\/\\\/schema.org\",\"@graph\":[{\"@type\":\"WebPage\",\"@id\":\"https:\\\/\\\/sdeoux.com\\\/index.php\\\/conferences\\\/\",\"url\":\"https:\\\/\\\/sdeoux.com\\\/index.php\\\/conferences\\\/\",\"name\":\"CONFERENCES - Suzanne D\u00e9oux\",\"isPartOf\":{\"@id\":\"https:\\\/\\\/sdeoux.com\\\/#website\"},\"datePublished\":\"2022-11-08T09:47:39+00:00\",\"dateModified\":\"2023-07-03T08:28:09+00:00\",\"description\":\"Suzanne Deoux : Conf\u00e9rences sur la sant\u00e9 dans le b\u00e2timent\",\"breadcrumb\":{\"@id\":\"https:\\\/\\\/sdeoux.com\\\/index.php\\\/conferences\\\/#breadcrumb\"},\"inLanguage\":\"fr-FR\",\"potentialAction\":[{\"@type\":\"ReadAction\",\"target\":[\"https:\\\/\\\/sdeoux.com\\\/index.php\\\/conferences\\\/\"]}]},{\"@type\":\"BreadcrumbList\",\"@id\":\"https:\\\/\\\/sdeoux.com\\\/index.php\\\/conferences\\\/#breadcrumb\",\"itemListElement\":[{\"@type\":\"ListItem\",\"position\":1,\"name\":\"Accueil\",\"item\":\"https:\\\/\\\/sdeoux.com\\\/\"},{\"@type\":\"ListItem\",\"position\":2,\"name\":\"CONFERENCES\"}]},{\"@type\":\"WebSite\",\"@id\":\"https:\\\/\\\/sdeoux.com\\\/#website\",\"url\":\"https:\\\/\\\/sdeoux.com\\\/\",\"name\":\"Suzanne D\u00e9oux\",\"description\":\"ING\u00c9NIERIE DE SANT\u00c9 DANS LE B\u00c2TI ET L\u2019URBANISME\",\"publisher\":{\"@id\":\"https:\\\/\\\/sdeoux.com\\\/#organization\"},\"potentialAction\":[{\"@type\":\"SearchAction\",\"target\":{\"@type\":\"EntryPoint\",\"urlTemplate\":\"https:\\\/\\\/sdeoux.com\\\/?s={search_term_string}\"},\"query-input\":{\"@type\":\"PropertyValueSpecification\",\"valueRequired\":true,\"valueName\":\"search_term_string\"}}],\"inLanguage\":\"fr-FR\"},{\"@type\":\"Organization\",\"@id\":\"https:\\\/\\\/sdeoux.com\\\/#organization\",\"name\":\"Suzanne D\u00e9oux\",\"url\":\"https:\\\/\\\/sdeoux.com\\\/\",\"logo\":{\"@type\":\"ImageObject\",\"inLanguage\":\"fr-FR\",\"@id\":\"https:\\\/\\\/sdeoux.com\\\/#\\\/schema\\\/logo\\\/image\\\/\",\"url\":\"https:\\\/\\\/sdeoux.com\\\/wp-content\\\/uploads\\\/2022\\\/09\\\/logo.png\",\"contentUrl\":\"https:\\\/\\\/sdeoux.com\\\/wp-content\\\/uploads\\\/2022\\\/09\\\/logo.png\",\"width\":600,\"height\":600,\"caption\":\"Suzanne D\u00e9oux\"},\"image\":{\"@id\":\"https:\\\/\\\/sdeoux.com\\\/#\\\/schema\\\/logo\\\/image\\\/\"}}]}<\/script>\n<!-- \/ Yoast SEO plugin. -->","yoast_head_json":{"title":"CONFERENCES - Suzanne D\u00e9oux","description":"Suzanne Deoux : Conf\u00e9rences sur la sant\u00e9 dans le b\u00e2timent","robots":{"index":"index","follow":"follow","max-snippet":"max-snippet:-1","max-image-preview":"max-image-preview:large","max-video-preview":"max-video-preview:-1"},"canonical":"https:\/\/sdeoux.com\/index.php\/conferences\/","og_locale":"fr_FR","og_type":"article","og_title":"CONFERENCES - Suzanne D\u00e9oux","og_description":"Suzanne Deoux : Conf\u00e9rences sur la sant\u00e9 dans le b\u00e2timent","og_url":"https:\/\/sdeoux.com\/index.php\/conferences\/","og_site_name":"Suzanne D\u00e9oux","article_modified_time":"2023-07-03T08:28:09+00:00","twitter_card":"summary_large_image","twitter_misc":{"Dur\u00e9e de lecture estim\u00e9e":"2 minutes"},"schema":{"@context":"https:\/\/schema.org","@graph":[{"@type":"WebPage","@id":"https:\/\/sdeoux.com\/index.php\/conferences\/","url":"https:\/\/sdeoux.com\/index.php\/conferences\/","name":"CONFERENCES - Suzanne D\u00e9oux","isPartOf":{"@id":"https:\/\/sdeoux.com\/#website"},"datePublished":"2022-11-08T09:47:39+00:00","dateModified":"2023-07-03T08:28:09+00:00","description":"Suzanne Deoux : Conf\u00e9rences sur la sant\u00e9 dans le b\u00e2timent","breadcrumb":{"@id":"https:\/\/sdeoux.com\/index.php\/conferences\/#breadcrumb"},"inLanguage":"fr-FR","potentialAction":[{"@type":"ReadAction","target":["https:\/\/sdeoux.com\/index.php\/conferences\/"]}]},{"@type":"BreadcrumbList","@id":"https:\/\/sdeoux.com\/index.php\/conferences\/#breadcrumb","itemListElement":[{"@type":"ListItem","position":1,"name":"Accueil","item":"https:\/\/sdeoux.com\/"},{"@type":"ListItem","position":2,"name":"CONFERENCES"}]},{"@type":"WebSite","@id":"https:\/\/sdeoux.com\/#website","url":"https:\/\/sdeoux.com\/","name":"Suzanne D\u00e9oux","description":"ING\u00c9NIERIE DE SANT\u00c9 DANS LE B\u00c2TI ET L\u2019URBANISME","publisher":{"@id":"https:\/\/sdeoux.com\/#organization"},"potentialAction":[{"@type":"SearchAction","target":{"@type":"EntryPoint","urlTemplate":"https:\/\/sdeoux.com\/?s={search_term_string}"},"query-input":{"@type":"PropertyValueSpecification","valueRequired":true,"valueName":"search_term_string"}}],"inLanguage":"fr-FR"},{"@type":"Organization","@id":"https:\/\/sdeoux.com\/#organization","name":"Suzanne D\u00e9oux","url":"https:\/\/sdeoux.com\/","logo":{"@type":"ImageObject","inLanguage":"fr-FR","@id":"https:\/\/sdeoux.com\/#\/schema\/logo\/image\/","url":"https:\/\/sdeoux.com\/wp-content\/uploads\/2022\/09\/logo.png","contentUrl":"https:\/\/sdeoux.com\/wp-content\/uploads\/2022\/09\/logo.png","width":600,"height":600,"caption":"Suzanne D\u00e9oux"},"image":{"@id":"https:\/\/sdeoux.com\/#\/schema\/logo\/image\/"}}]}},"_links":{"self":[{"href":"https:\/\/sdeoux.com\/index.php\/wp-json\/wp\/v2\/pages\/326","targetHints":{"allow":["GET"]}}],"collection":[{"href":"https:\/\/sdeoux.com\/index.php\/wp-json\/wp\/v2\/pages"}],"about":[{"href":"https:\/\/sdeoux.com\/index.php\/wp-json\/wp\/v2\/types\/page"}],"author":[{"embeddable":true,"href":"https:\/\/sdeoux.com\/index.php\/wp-json\/wp\/v2\/users\/1"}],"replies":[{"embeddable":true,"href":"https:\/\/sdeoux.com\/index.php\/wp-json\/wp\/v2\/comments?post=326"}],"version-history":[{"count":8,"href":"https:\/\/sdeoux.com\/index.php\/wp-json\/wp\/v2\/pages\/326\/revisions"}],"predecessor-version":[{"id":436,"href":"https:\/\/sdeoux.com\/index.php\/wp-json\/wp\/v2\/pages\/326\/revisions\/436"}],"wp:attachment":[{"href":"https:\/\/sdeoux.com\/index.php\/wp-json\/wp\/v2\/media?parent=326"}],"curies":[{"name":"wp","href":"https:\/\/api.w.org\/{rel}","templated":true}]}}